{"id":582,"date":"2026-06-18T22:42:10","date_gmt":"2026-06-18T22:42:10","guid":{"rendered":"https:\/\/gamino.store\/product\/sucettes-philips-avent-ultra-air-nighttime-18-mois-et-plus\/"},"modified":"2026-08-30T01:07:46","modified_gmt":"2026-08-30T01:07:46","slug":"sucettes-philips-avent-ultra-air-nighttime-18-mois-et-plus","status":"publish","type":"product","link":"https:\/\/gamino.store\/ar\/product\/sucettes-philips-avent-ultra-air-nighttime-18-mois-et-plus\/","title":{"rendered":"Sucettes Philips Avent Ultra Air Nighttime  (18 mois et plus)"},"content":{"rendered":"<p>\u0633\u0643\u0627\u062a\u0627\u062a<strong> \u00ab\u00a0<\/strong>\u0641\u064a\u0644\u064a\u0628\u0633<strong> <\/strong>\u0623\u0641\u064a\u0646\u062a<strong> <\/strong>\u0623\u0644\u062a\u0631\u0627<strong> <\/strong>\u0625\u064a\u0631<strong>\u00a0\u00bb <\/strong>\u0645\u0635\u0645\u0645\u0629<strong> <\/strong>\u062e\u0635\u064a\u0635\u0627\u064b<strong> <\/strong>\u0644\u0644\u0627\u0633\u062a\u062e\u062f\u0627\u0645<strong> <\/strong>\u0627\u0644\u0644\u064a\u0644\u064a\u060c<strong> <\/strong>\u062d\u064a\u062b<strong> <\/strong>\u062a\u062a\u0645\u064a\u0632<strong> <\/strong>\u0628\u0623\u0646\u0647\u0627<strong> <\/strong>\u0633\u0647\u0644\u0629<strong> <\/strong>\u0627\u0644\u0639\u062b\u0648\u0631<strong> <\/strong>\u0639\u0644\u064a\u0647\u0627<strong> <\/strong>\u0641\u064a<strong> <\/strong>\u0627\u0644\u0638\u0644\u0627\u0645<strong>. <\/strong>\u0633\u0643\u0627\u062a\u0627\u062a<strong> <\/strong>\u062a\u0642\u0648\u064a\u0645\u064a\u0629<strong> <\/strong>\u062a\u0636\u0645\u0646<strong> <\/strong>\u0627\u0644\u0631\u0627\u062d\u0629<strong> <\/strong>\u0648\u062a\u0633\u0645\u062d<strong> <\/strong>\u0628\u0628\u0634\u0631\u0629<strong> <\/strong>\u0627\u0644\u0637\u0641\u0644<strong> <\/strong>\u0628\u0627\u0644\u062a\u0646\u0641\u0633\u060c<strong> <\/strong>\u0648\u0645\u0646\u0627\u0633\u0628\u0629<strong> <\/strong>\u0644\u0644\u0623\u0637\u0641\u0627\u0644<strong> <\/strong>\u0645\u0646<strong> <\/strong>\u0633\u0646<strong> 18 <\/strong>\u0634\u0647\u0631\u0627\u064b<strong> <\/strong>\u0641\u0645\u0627<strong> <\/strong>\u0641\u0648\u0642<strong>.<\/strong><\/p>\n<p><strong>Les sucettes Philips Avent Ultra Air sont sp\u00e9cialement con\u00e7ues pour une utilisation nocturne et sont faciles \u00e0 trouver dans le noir. Ce sont des sucettes orthodontiques qui assurent le confort tout en laissant la peau de b\u00e9b\u00e9 respirer, adapt\u00e9es aux enfants de 18 mois et plus.<\/strong><\/p>","protected":false},"excerpt":{"rendered":"<p>\u0633\u0643\u0627\u062a\u0627\u062a \u00ab\u00a0\u0641\u064a\u0644\u064a\u0628\u0633 \u0623\u0641\u064a\u0646\u062a \u0623\u0644\u062a\u0631\u0627 \u0625\u064a\u0631\u00a0\u00bb \u0645\u0635\u0645\u0645\u0629 \u062e\u0635\u064a\u0635\u0627\u064b \u0644\u0644\u0627\u0633\u062a\u062e\u062f\u0627\u0645 \u0627\u0644\u0644\u064a\u0644\u064a\u060c \u062d\u064a\u062b \u062a\u062a\u0645\u064a\u0632 \u0628\u0623\u0646\u0647\u0627 \u0633\u0647\u0644\u0629 \u0627\u0644\u0639\u062b\u0648\u0631 \u0639\u0644\u064a\u0647\u0627 \u0641\u064a \u0627\u0644\u0638\u0644\u0627\u0645. \u0633\u0643\u0627\u062a\u0627\u062a \u062a\u0642\u0648\u064a\u0645\u064a\u0629 \u062a\u0636\u0645\u0646 \u0627\u0644\u0631\u0627\u062d\u0629 \u0648\u062a\u0633\u0645\u062d \u0628\u0628\u0634\u0631\u0629 \u0627\u0644\u0637\u0641\u0644 \u0628\u0627\u0644\u062a\u0646\u0641\u0633\u060c \u0648\u0645\u0646\u0627\u0633\u0628\u0629 \u0644\u0644\u0623\u0637\u0641\u0627\u0644 \u0645\u0646 \u0633\u0646 18 \u0634\u0647\u0631\u0627\u064b \u0641\u0645\u0627 \u0641\u0648\u0642. Les sucettes Philips Avent Ultra Air sont sp\u00e9cialement con\u00e7ues pour une utilisation nocturne et sont faciles \u00e0 trouver dans le noir. Ce [&hellip;]<\/p>\n","protected":false},"featured_media":581,"comment_status":"open","ping_status":"closed","template":"","meta":[],"product_brand":[38],"product_cat":[45,24],"product_tag":[],"class_list":["post-582","product","type-product","status-publish","has-post-thumbnail","product_brand-philips-avent","product_cat-1-3-ans","product_cat-allaitements-naturel-et-mixte","first","instock","shipping-taxable","purchasable","product-type-simple"],"_links":{"self":[{"href":"https:\/\/gamino.store\/ar\/wp-json\/wp\/v2\/product\/582","targetHints":{"allow":["GET"]}}],"collection":[{"href":"https:\/\/gamino.store\/ar\/wp-json\/wp\/v2\/product"}],"about":[{"href":"https:\/\/gamino.store\/ar\/wp-json\/wp\/v2\/types\/product"}],"replies":[{"embeddable":true,"href":"https:\/\/gamino.store\/ar\/wp-json\/wp\/v2\/comments?post=582"}],"version-history":[{"count":1,"href":"https:\/\/gamino.store\/ar\/wp-json\/wp\/v2\/product\/582\/revisions"}],"predecessor-version":[{"id":583,"href":"https:\/\/gamino.store\/ar\/wp-json\/wp\/v2\/product\/582\/revisions\/583"}],"wp:featuredmedia":[{"embeddable":true,"href":"https:\/\/gamino.store\/ar\/wp-json\/wp\/v2\/media\/581"}],"wp:attachment":[{"href":"https:\/\/gamino.store\/ar\/wp-json\/wp\/v2\/media?parent=582"}],"wp:term":[{"taxonomy":"product_brand","embeddable":true,"href":"https:\/\/gamino.store\/ar\/wp-json\/wp\/v2\/product_brand?post=582"},{"taxonomy":"product_cat","embeddable":true,"href":"https:\/\/gamino.store\/ar\/wp-json\/wp\/v2\/product_cat?post=582"},{"taxonomy":"product_tag","embeddable":true,"href":"https:\/\/gamino.store\/ar\/wp-json\/wp\/v2\/product_tag?post=582"}],"curies":[{"name":"wp","href":"https:\/\/api.w.org\/{rel}","templated":true}]}}